{"id":86,"date":"2019-08-18T08:52:12","date_gmt":"2019-08-18T06:52:12","guid":{"rendered":"http:\/\/clefni.unibe.ch\/?page_id=86"},"modified":"2023-04-25T14:39:18","modified_gmt":"2023-04-25T12:39:18","slug":"conference-concerts-en","status":"publish","type":"page","link":"https:\/\/clefni.unibe.ch\/index.php\/conference-concerts-en\/","title":{"rendered":"Conference &#038; Concerts"},"content":{"rendered":"<h2 style=\"text-align: center;\"><img loading=\"lazy\" decoding=\"async\" class=\"aligncenter wp-image-1793\" src=\"https:\/\/clefni.unibe.ch\/wp-content\/uploads\/2021\/07\/Tableau_01_LQ-300x169.jpg\" alt=\"\" width=\"600\" height=\"338\" srcset=\"https:\/\/clefni.unibe.ch\/wp-content\/uploads\/2021\/07\/Tableau_01_LQ-300x169.jpg 300w, https:\/\/clefni.unibe.ch\/wp-content\/uploads\/2021\/07\/Tableau_01_LQ-768x432.jpg 768w, https:\/\/clefni.unibe.ch\/wp-content\/uploads\/2021\/07\/Tableau_01_LQ-1024x576.jpg 1024w, https:\/\/clefni.unibe.ch\/wp-content\/uploads\/2021\/07\/Tableau_01_LQ-1140x641.jpg 1140w\" sizes=\"auto, (max-width: 600px) 100vw, 600px\" \/><\/h2>\n<p style=\"text-align: right;\"><a href=\"https:\/\/clefni.unibe.ch\/index.php\/de\/tagung-konzerte\/\">Diese Seite auf Deutsch sehen<\/a><\/p>\n<p style=\"text-align: right;\"><a href=\"https:\/\/clefni.unibe.ch\/index.php\/fr\/conference-concerts-fr\/\">Voir cette page en fran\u00e7ais<\/a><\/p>\n<h2 style=\"text-align: center;\">Swiss Choral Music from the 19th to the 21st Century<\/h2>\n<p><\/p>\n<p>The event <strong>&#8220;Swiss Choral Music from the 19th to the 21st Century&#8221;<\/strong>&nbsp;took place on the <strong>17th-18th September<\/strong> and <strong>3rd October 2021<\/strong>. A two-day conference at the University of Bern was followed by concerts at the Franz\u00f6sische Kirche Bern and the Aula of the University of Fribourg.<\/p>\n<p>The<strong>&nbsp;conference<\/strong>&nbsp;focused on topics such as choral life in different regions of Switzerland from the 19th to the 21st century, present and past choral compositions, as well as social, political, and historical aspects related to choral societies and their activities.<\/p>\n<p>The <strong>two concerts<\/strong>&nbsp;offered a rare opportunity to hear live vocal works by Swiss composers from the 19th century to our days, including two world premieres by the composers Leopold Dick and Jean-Fran\u00e7ois Michel, specially commissioned for this event.<\/p>\n<p>This event is a cooperation between the <a href=\"http:\/\/musica-classica.ch\" target=\"_blank\" rel=\"noopener noreferrer\">Association Musica Classica Bern<\/a>, the research project <a href=\"https:\/\/clefni.unibe.ch\/index.php\/clefni-en\/\" target=\"_blank\" rel=\"noopener noreferrer\">CLEFNI<\/a> (<a href=\"https:\/\/www.musik.unibe.ch\" target=\"_blank\" rel=\"noopener noreferrer\">Institute of Musicology, University of Bern<\/a>), the <a href=\"https:\/\/www.ccuf.ch\" target=\"_blank\" rel=\"noopener noreferrer\">Chamber Choir of the University of Fribourg<\/a> and the <a href=\"https:\/\/www.hkb.bfh.ch\/en\/\" target=\"_blank\" rel=\"noopener noreferrer\">HKB \u2014 Bern University of the Arts<\/a>.<\/p>\n\n\n<div style=\"height:50px\" aria-hidden=\"true\" class=\"wp-block-spacer\"><\/div>\n\n\n\n<h3 class=\"wp-block-heading\">Conference &#8220;Choral Life in Switzerland, 19th-21st Century&#8221;<\/h3>\n\n\n\n<ul class=\"wp-block-list\"><li>17-18 September 2021, Aula Muesmatt, University of Bern<\/li><\/ul>\n\n\n\n<div class=\"wp-block-image\"><figure class=\"aligncenter is-resized\"><a href=\"https:\/\/clefni.unibe.ch\/wp-content\/uploads\/2021\/08\/Flyer_Tagung-Conference_Chorleben_Vie-chorale_CH.pdf\"><img loading=\"lazy\" decoding=\"async\" src=\"https:\/\/clefni.unibe.ch\/wp-content\/uploads\/2021\/08\/Flyer_Tagung_Recto-730x1024.jpg\" alt=\"\" class=\"wp-image-2036\" width=\"365\" height=\"512\" srcset=\"https:\/\/clefni.unibe.ch\/wp-content\/uploads\/2021\/08\/Flyer_Tagung_Recto-730x1024.jpg 730w, https:\/\/clefni.unibe.ch\/wp-content\/uploads\/2021\/08\/Flyer_Tagung_Recto-214x300.jpg 214w, https:\/\/clefni.unibe.ch\/wp-content\/uploads\/2021\/08\/Flyer_Tagung_Recto-768x1077.jpg 768w, https:\/\/clefni.unibe.ch\/wp-content\/uploads\/2021\/08\/Flyer_Tagung_Recto-1140x1599.jpg 1140w\" sizes=\"auto, (max-width: 365px) 100vw, 365px\" \/><\/a><\/figure><\/div>\n\n\n\n<p><strong><a href=\"https:\/\/clefni.unibe.ch\/index.php\/conference-concerts-en\/conference-programme\/\">Full conference programme (PDF)<\/a><\/strong><\/p>\n\n\n\n<p><strong>Keynote Lectures<\/strong><\/p>\n\n\n\n<ul class=\"wp-block-list\"><li><a rel=\"noreferrer noopener\" href=\"https:\/\/www.musikwissenschaft.uni-wuerzburg.de\/team\/brusniak-friedhelm-prof-dr-em\/\" target=\"_blank\">Professor Friedhelm Brusniak<\/a> (Julius-Maximilians-Universit\u00e4t W\u00fcrzburg, Germany): <em><a href=\"https:\/\/clefni.unibe.ch\/index.php\/2021\/09\/04\/keynote-lecture-1-prof-friedhelm-brusniak\/\">Zum Wandel vom Liedertafelstil zur Chorpolyphonie im 19. und 20. Jahrhundert<\/a><\/em><\/li><li><a rel=\"noreferrer noopener\" href=\"https:\/\/www3.unifr.ch\/musicologie\/de\/departement\/team\/people\/2395\/46348\" target=\"_blank\">PD Dre Delphine Vincent<\/a> (Universit\u00e9 de Fribourg, Switzerland): <em><a href=\"https:\/\/clefni.unibe.ch\/index.php\/2021\/09\/04\/keynote-lecture-2-pd-dre-delphine-vincent\/\">Ch\u0153ur du peuple et th\u00e9\u00e2tre populaire au Th\u00e9\u00e2tre du Jorat<\/a><\/em><\/li><li><a rel=\"noreferrer noopener\" href=\"http:\/\/theopro.unistra.fr\/presentation\/enseignants-chercheurs\/equipe-actuelle\/b-foellmi\/\" target=\"_blank\">Professor Beat F\u00f6llmi<\/a> (Universit\u00e9 de Strasbourg, France): <em><a href=\"https:\/\/clefni.unibe.ch\/index.php\/2021\/09\/04\/keynote-lecture-3-prof-beat-follmi\/\">Das Chorwerk von Othmar Schoeck: von der Postromantik zur Avantgarde und dar\u00fcber hinaus<\/a><\/em><\/li><\/ul>\n\n\n\n<p><strong>Round Table<\/strong><\/p>\n\n\n\n<ul class=\"wp-block-list\"><li>Composers:&nbsp;<a href=\"http:\/\/www.leodick.info\/biografie.html\" target=\"_blank\" rel=\"noreferrer noopener\">Leopold Dick<\/a> and <a href=\"https:\/\/symphonicworks.ch\/en_GB\/ueber-uns\/biografie-jean-francois-michel\/\" target=\"_blank\" rel=\"noreferrer noopener\">Jean-Fran\u00e7ois Michel<\/a><\/li><li>Moderation: <a href=\"http:\/\/www.ireneminderjeanneret.ch\/en\/Home.htm\" target=\"_blank\" rel=\"noreferrer noopener\">Dr Ir\u00e8ne Minder-Jeanneret<\/a>, Dictionary of Music in Switzerland<\/li><\/ul>\n\n\n\n<p><strong>Conference Committee<\/strong><br><a href=\"https:\/\/clefni.unibe.ch\/index.php\/researcher\/\" target=\"_blank\" rel=\"noreferrer noopener\" aria-label=\" (opens in a new tab)\">Dr Caiti Hauck<\/a>, CLEFNI, University of Bern<br><a rel=\"noreferrer noopener\" href=\"https:\/\/www.musik.unibe.ch\/ueber_uns\/personen\/dr_cceres_piuel_mara\/index_ger.html\" target=\"_blank\">Dr Mar\u00eda C\u00e1ceres Pi\u00f1uel<\/a>, University of Bern<br><a rel=\"noreferrer noopener\" href=\"https:\/\/www.musik.unibe.ch\/ueber_uns\/personen\/prof_dr_urchuegua_cristina\/index_ger.html\" target=\"_blank\">Professor Cristina Urchuegu\u00eda<\/a>, University of Bern<\/p>\n\n\n\n<div style=\"height:50px\" aria-hidden=\"true\" class=\"wp-block-spacer\"><\/div>\n\n\n\n<h3 class=\"wp-block-heading\">Concerts &#8220;Swiss Vocal Music, 19th-21st Century&#8221;<\/h3>\n\n\n\n<div class=\"wp-block-image\"><figure class=\"alignright is-resized\"><a href=\"https:\/\/www.cantoclassico.ch\/files\/documents\/Webflyer_CH21_def..pdf\" target=\"_blank\" rel=\"noreferrer noopener\"><img loading=\"lazy\" decoding=\"async\" src=\"https:\/\/clefni.unibe.ch\/wp-content\/uploads\/2021\/06\/Webflyer_Frontseite_CH21.jpg\" alt=\"\" class=\"wp-image-1663\" width=\"300\" height=\"497\"\/><\/a><\/figure><\/div>\n\n\n\n<ul class=\"wp-block-list\"><li><strong>BERN<\/strong>: 18 September 2021, 7:30 pm,&nbsp;Franz\u00f6sische Kirche.<\/li><li><strong>FRIBOURG<\/strong>: 3 October 2021, 5 pm, Aula de l\u2019Universit\u00e9 de Fribourg.<\/li><\/ul>\n\n\n\n<p><strong>Programme<\/strong><\/p>\n\n\n\n<ul class=\"wp-block-list\"><li>Works by <a rel=\"noreferrer noopener\" href=\"http:\/\/carolinecharriere.ch\" target=\"_blank\">Caroline Charri\u00e8re<\/a>, <a rel=\"noreferrer noopener\" href=\"https:\/\/hls-dhs-dss.ch\/de\/articles\/042392\/2005-03-29\/\" target=\"_blank\">Hans Huber<\/a>, <a rel=\"noreferrer noopener\" href=\"https:\/\/hls-dhs-dss.ch\/de\/articles\/009499\/2010-03-10\/\" target=\"_blank\">Emile Jaques Dalcroze<\/a>, <a rel=\"noreferrer noopener\" href=\"https:\/\/hls-dhs-dss.ch\/de\/articles\/020547\/2004-08-03\/\" target=\"_blank\">Jean Binet<\/a>,&nbsp;<a rel=\"noreferrer noopener\" href=\"https:\/\/hls-dhs-dss.ch\/de\/articles\/009554\/2012-10-18\/\" target=\"_blank\">Othmar Schoeck<\/a>, <a rel=\"noreferrer noopener\" href=\"https:\/\/hls-dhs-dss.ch\/de\/articles\/034951\/2015-11-18\/\" target=\"_blank\">Gion Antoni Derungs<\/a>, <a rel=\"noreferrer noopener\" href=\"http:\/\/www.musinfo.ch\/en\/personen\/alle\/?pers_id=20&amp;abc=H\" target=\"_blank\">Heinz Holliger<\/a>.<\/li><li>World premiere of commissioned works by <a rel=\"noreferrer noopener\" href=\"http:\/\/www.leodick.info\/biografie.html\" target=\"_blank\">Leopold Dick<\/a> and <a rel=\"noreferrer noopener\" href=\"https:\/\/symphonicworks.ch\/ueber-uns\/biografie-jean-francois-michel\/\" target=\"_blank\">Jean-Fran\u00e7ois Michel<\/a><\/li><li> Check out the full programme <a rel=\"noreferrer noopener\" aria-label=\" (opens in a new tab)\" href=\"https:\/\/www.cantoclassico.ch\/go2\/Schweizer%20Vokalmusik\" target=\"_blank\">here<\/a>. <\/li><\/ul>\n\n\n\n<p><strong>Performers<\/strong><\/p>\n\n\n\n<ul class=\"wp-block-list\"><li><a href=\"https:\/\/www.cantoclassico.ch\" target=\"_blank\" rel=\"noreferrer noopener\">Canto Classico Konzertchor Bern<\/a> \u2013&nbsp;<em><a href=\"https:\/\/www.cantoclassico.ch\/go2\/ueberuns\/leitung\" target=\"_blank\" rel=\"noreferrer noopener\">Willi Derungs<\/a>, direction <\/em><\/li><li><a href=\"https:\/\/www.ccuf.ch\" target=\"_blank\" rel=\"noreferrer noopener\">Choeur de Chambre de l\u2019Universit\u00e9 de Fribourg<\/a>&nbsp;\u2013&nbsp;<em><a href=\"https:\/\/www.ccuf.ch\/index.php\/le-chef\" target=\"_blank\" rel=\"noreferrer noopener\">Pascal Mayer<\/a>, direction<\/em><\/li><li>Soloists and Instrumentalists of the <a href=\"https:\/\/www.hkb.bfh.ch\/en\/\" target=\"_blank\" rel=\"noreferrer noopener\">HKB \u2014 Bern University of the Arts<\/a><\/li><\/ul>\n\n\n\n<p><strong>Organising Committee<\/strong><br><a href=\"https:\/\/clefni.unibe.ch\/index.php\/researcher\/\" target=\"_blank\" rel=\"noreferrer noopener\" aria-label=\" (opens in a new tab)\">Dr Caiti Hauck<\/a>, CLEFNI, University of Bern<br><a rel=\"noreferrer noopener\" href=\"https:\/\/www.musik.unibe.ch\/ueber_uns\/personen\/dr_cceres_piuel_mara\/index_ger.html\" target=\"_blank\">Dr Maria C\u00e1ceres Pi\u00f1uel<\/a>, University of Bern<br><a rel=\"noreferrer noopener\" href=\"https:\/\/www.cantoclassico.ch\/go2\/ueberuns\/leitung\" target=\"_blank\">Willi Derungs<\/a>, artistic director of the <a rel=\"noreferrer noopener\" href=\"http:\/\/musica-classica.ch\" target=\"_blank\">Association Musica Classica<\/a><\/p>\n\n\n\n<div style=\"height:100px\" aria-hidden=\"true\" class=\"wp-block-spacer\"><\/div>\n\n\n\n<h5 class=\"wp-block-heading\" style=\"text-align:left\">The Conference \u201cChoral Life in Switzerland, 19th-21st Century\u201d was funded by:<br><\/h5>\n\n\n\n<div style=\"height:10px\" aria-hidden=\"true\" class=\"wp-block-spacer\"><\/div>\n\n\n\n<div class=\"wp-block-image\"><figure class=\"aligncenter is-resized\"><a href=\"https:\/\/ec.europa.eu\/research\/mariecurieactions\/\" target=\"_blank\" rel=\"noreferrer noopener\"><img loading=\"lazy\" decoding=\"async\" src=\"https:\/\/clefni.unibe.ch\/wp-content\/uploads\/2019\/08\/flag_yellow_low.jpg\" alt=\"\" class=\"wp-image-156\" width=\"230\" height=\"201\"\/><\/a><figcaption>Funded by the European Union<\/figcaption><\/figure><\/div>\n\n\n\n<div class=\"wp-block-image\"><figure class=\"aligncenter is-resized\"><a href=\"https:\/\/www.musik.unibe.ch\" target=\"_blank\" rel=\"noreferrer noopener\"><img loading=\"lazy\" decoding=\"async\" src=\"https:\/\/clefni.unibe.ch\/wp-content\/uploads\/2021\/07\/Unibe_Logo_16pt_RGB_201807_ger.png\" alt=\"\" class=\"wp-image-1836\" width=\"250\" height=\"197\"\/><\/a><\/figure><\/div>\n\n\n\n<div style=\"height:10px\" aria-hidden=\"true\" class=\"wp-block-spacer\"><\/div>\n\n\n\n<div class=\"wp-block-image\"><figure class=\"aligncenter is-resized\"><a href=\"https:\/\/www.sagw.ch\/sagw\/\" target=\"_blank\" rel=\"noreferrer noopener\"><img loading=\"lazy\" decoding=\"async\" src=\"https:\/\/clefni.unibe.ch\/wp-content\/uploads\/2021\/07\/SAGW_CMYK.jpg\" alt=\"\" class=\"wp-image-1839\" width=\"200\" height=\"109\"\/><\/a><\/figure><\/div>\n\n\n\n<div style=\"height:20px\" aria-hidden=\"true\" class=\"wp-block-spacer\"><\/div>\n\n\n\n<div class=\"wp-block-image\"><figure class=\"aligncenter is-resized\"><a href=\"https:\/\/www.smg-ssm.ch\/smg-ssm\/\" target=\"_blank\" rel=\"noreferrer noopener\"><img loading=\"lazy\" decoding=\"async\" src=\"https:\/\/clefni.unibe.ch\/wp-content\/uploads\/2021\/07\/SMG_logo.tiff\" alt=\"\" class=\"wp-image-1916\" width=\"400\" height=\"65\"\/><\/a><\/figure><\/div>\n\n\n\n<div style=\"height:10px\" aria-hidden=\"true\" class=\"wp-block-spacer\"><\/div>\n\n\n\n<div class=\"wp-block-image\"><figure class=\"aligncenter is-resized\"><a href=\"https:\/\/www.unibe.ch\/universitaet\/organisation\/mittelbauvereinigung\/portraet\/index_ger.html\" target=\"_blank\" rel=\"noreferrer noopener\"><img loading=\"lazy\" decoding=\"async\" src=\"https:\/\/clefni.unibe.ch\/wp-content\/uploads\/2021\/07\/MVUB.png\" alt=\"\" class=\"wp-image-1834\" width=\"200\" height=\"191\"\/><\/a><\/figure><\/div>\n\n\n\n<div style=\"height:50px\" aria-hidden=\"true\" class=\"wp-block-spacer\"><\/div>\n\n\n\n<h5 class=\"wp-block-heading\" style=\"text-align:center\">Media partners<\/h5>\n\n\n\n<div style=\"height:20px\" aria-hidden=\"true\" class=\"wp-block-spacer\"><\/div>\n\n\n\n<div class=\"wp-block-image\"><figure class=\"aligncenter is-resized\"><a href=\"http:\/\/passesimple.ch\" target=\"_blank\" rel=\"noreferrer noopener\"><img decoding=\"async\" src=\"https:\/\/clefni.unibe.ch\/wp-content\/uploads\/2021\/07\/PasseSimple_LOGO-1.jpg\" alt=\"\" class=\"wp-image-2019\" width=\"400\" srcset=\"https:\/\/clefni.unibe.ch\/wp-content\/uploads\/2021\/07\/PasseSimple_LOGO-1.jpg 5819w, https:\/\/clefni.unibe.ch\/wp-content\/uploads\/2021\/07\/PasseSimple_LOGO-1-300x65.jpg 300w, https:\/\/clefni.unibe.ch\/wp-content\/uploads\/2021\/07\/PasseSimple_LOGO-1-768x166.jpg 768w, https:\/\/clefni.unibe.ch\/wp-content\/uploads\/2021\/07\/PasseSimple_LOGO-1-1024x222.jpg 1024w, https:\/\/clefni.unibe.ch\/wp-content\/uploads\/2021\/07\/PasseSimple_LOGO-1-1140x247.jpg 1140w\" sizes=\"(max-width: 5819px) 100vw, 5819px\" \/><\/a><\/figure><\/div>\n\n\n\n<div style=\"height:20px\" aria-hidden=\"true\" class=\"wp-block-spacer\"><\/div>\n\n\n\n<div class=\"wp-block-image\"><figure class=\"aligncenter is-resized\"><a href=\"https:\/\/www.musikzeitung.ch\/de\" target=\"_blank\" rel=\"noreferrer noopener\"><img loading=\"lazy\" decoding=\"async\" src=\"https:\/\/clefni.unibe.ch\/wp-content\/uploads\/2021\/07\/smz_Logo1_4c.jpg\" alt=\"\" class=\"wp-image-1840\" width=\"400\" height=\"148\"\/><\/a><\/figure><\/div>\n","protected":false},"excerpt":{"rendered":"<p>Diese Seite auf Deutsch sehen Voir cette page en fran\u00e7ais Swiss Choral Music from the 19th to the 21st Century The event &#8220;Swiss Choral Music from the 19th to the 21st Century&#8221;&nbsp;took place on the 17th-18th September and 3rd October 2021. A two-day conference at the University of Bern was followed by concerts at the Franz\u00f6sische Kirche Bern and the Aula of the University of Fribourg. The&nbsp;conference&nbsp;focused on topics such as choral life in different regions of Switzerland from the 19th to the 21st century, present and past choral compositions, as well as social, political, and historical aspects related to choral societies and their activities. The two concerts&nbsp;offered a rare opportunity to hear live vocal works by Swiss composers from the 19th century to our days, including two world premieres by the composers Leopold Dick and Jean-Fran\u00e7ois Michel, specially commissioned for this event. This event is a cooperation between the Association Musica Classica Bern, the research project CLEFNI (Institute of Musicology, University of Bern), the Chamber Choir of the University of Fribourg and the HKB \u2014 Bern University of the Arts. Conference &#8220;Choral Life in Switzerland, 19th-21st Century&#8221; 17-18 September 2021, Aula Muesmatt, University of Bern Full conference programme (PDF) Keynote Lectures Professor Friedhelm Brusniak (Julius-Maximilians-Universit\u00e4t W\u00fcrzburg, Germany): Zum Wandel vom Liedertafelstil zur Chorpolyphonie im 19. und 20. Jahrhundert PD Dre Delphine Vincent (Universit\u00e9 de Fribourg, Switzerland): Ch\u0153ur du peuple et th\u00e9\u00e2tre populaire au Th\u00e9\u00e2tre du Jorat Professor Beat F\u00f6llmi (Universit\u00e9 de Strasbourg, France): Das Chorwerk von Othmar Schoeck: von der Postromantik zur Avantgarde und dar\u00fcber hinaus Round Table Composers:&nbsp;Leopold Dick and Jean-Fran\u00e7ois Michel Moderation: Dr Ir\u00e8ne Minder-Jeanneret, Dictionary of Music in Switzerland Conference CommitteeDr Caiti Hauck, CLEFNI, University of BernDr Mar\u00eda C\u00e1ceres Pi\u00f1uel, University of BernProfessor Cristina Urchuegu\u00eda, University of Bern Concerts &#8220;Swiss Vocal Music, 19th-21st Century&#8221; BERN: 18 September 2021, 7:30 pm,&nbsp;Franz\u00f6sische Kirche. FRIBOURG: 3 October 2021, 5 pm, Aula de l\u2019Universit\u00e9 de Fribourg. Programme Works by Caroline Charri\u00e8re, Hans Huber, Emile Jaques Dalcroze, Jean Binet,&nbsp;Othmar Schoeck, Gion Antoni Derungs, Heinz Holliger. World premiere of commissioned works by Leopold Dick and Jean-Fran\u00e7ois Michel Check out the full programme here. Performers Canto Classico Konzertchor Bern \u2013&nbsp;Willi Derungs, direction Choeur de Chambre de l\u2019Universit\u00e9 de Fribourg&nbsp;\u2013&nbsp;Pascal Mayer, direction Soloists and Instrumentalists of the HKB \u2014 Bern University of the Arts Organising CommitteeDr Caiti Hauck, CLEFNI, University of BernDr Maria C\u00e1ceres Pi\u00f1uel, University of BernWilli Derungs, artistic director of the Association Musica Classica The Conference \u201cChoral Life in Switzerland, 19th-21st Century\u201d was funded by: Media partners<\/p>\n","protected":false},"author":2,"featured_media":0,"parent":0,"menu_order":5,"comment_status":"closed","ping_status":"closed","template":"","meta":{"footnotes":""},"class_list":["post-86","page","type-page","status-publish","hentry"],"_links":{"self":[{"href":"https:\/\/clefni.unibe.ch\/index.php\/wp-json\/wp\/v2\/pages\/86","targetHints":{"allow":["GET"]}}],"collection":[{"href":"https:\/\/clefni.unibe.ch\/index.php\/wp-json\/wp\/v2\/pages"}],"about":[{"href":"https:\/\/clefni.unibe.ch\/index.php\/wp-json\/wp\/v2\/types\/page"}],"author":[{"embeddable":true,"href":"https:\/\/clefni.unibe.ch\/index.php\/wp-json\/wp\/v2\/users\/2"}],"replies":[{"embeddable":true,"href":"https:\/\/clefni.unibe.ch\/index.php\/wp-json\/wp\/v2\/comments?post=86"}],"version-history":[{"count":118,"href":"https:\/\/clefni.unibe.ch\/index.php\/wp-json\/wp\/v2\/pages\/86\/revisions"}],"predecessor-version":[{"id":2601,"href":"https:\/\/clefni.unibe.ch\/index.php\/wp-json\/wp\/v2\/pages\/86\/revisions\/2601"}],"wp:attachment":[{"href":"https:\/\/clefni.unibe.ch\/index.php\/wp-json\/wp\/v2\/media?parent=86"}],"curies":[{"name":"wp","href":"https:\/\/api.w.org\/{rel}","templated":true}]}}