{"id":55,"date":"2019-08-17T11:33:01","date_gmt":"2019-08-17T11:33:01","guid":{"rendered":"http:\/\/clefni.unibe.ch\/?page_id=55"},"modified":"2025-02-03T16:05:12","modified_gmt":"2025-02-03T15:05:12","slug":"accueil","status":"publish","type":"page","link":"https:\/\/clefni.unibe.ch\/index.php\/fr\/accueil\/","title":{"rendered":"Accueil"},"content":{"rendered":"<p><\/p>\n\n\n<p style=\"font-size:18px\">CLEFNI signifie <a rel=\"noreferrer noopener\" href=\"https:\/\/clefni.unibe.ch\/index.php\/fr\/clefni-fr\/\" target=\"_blank\">La vie chorale dans les villes de Berne et Fribourg au 19e si\u00e8cle<\/a>. Il s\u2019agit d\u2019un projet de recherche qui \u00e9tudie les soci\u00e9t\u00e9s de chant de l\u2019\u00e9poque dans le but de comprendre leur r\u00f4le dans la vie sociale et politique. Au centre de cette \u00e9tude se trouve la participation des ch\u0153urs d\u2019hommes aux \u00e9v\u00e9nements politiques majeurs du 19e si\u00e8cle, ainsi qu\u2019\u00e0 la vie politique en g\u00e9n\u00e9ral. La recherche met \u00e9galement en lumi\u00e8re la mani\u00e8re dont les ch\u0153urs ont contribu\u00e9 au d\u00e9veloppement d\u2019un sentiment d&#8217;appartenance nationale entre les diff\u00e9rentes cultures qui forment la Suisse.<\/p>\n\n\n\n<p style=\"font-size:18px\">CLEFNI est dirig\u00e9 par <a rel=\"noreferrer noopener\" aria-label=\" (opens in a new tab)\" href=\"https:\/\/clefni.unibe.ch\/index.php\/fr\/chercheuse\/\" target=\"_blank\">Dre. Caiti Hauck<\/a> \u00e0 l&#8217;<a style=\"color: #1e73be;\" rel=\"noreferrer noopener\" aria-label=\"Institut de Musicologie de l'Universit\u00e9 de Berne (opens in a new tab)\" href=\"https:\/\/www.musik.unibe.ch\" target=\"_blank\">Institut de Musicologie de l&#8217;Universit\u00e9 de Berne<\/a>. De septembre 2019 \u00e0 avril 2023, le projet a \u00e9t\u00e9 financ\u00e9 par le programme-cadre pour la recherche et l\u2019innovation \u201cHorizon 2020\u201d de l\u2019Union Europ\u00e9enne dans le cadre des <a style=\"color: #1e73be;\" href=\"https:\/\/ec.europa.eu\/research\/mariecurieactions\/node_en\">Actions Marie Sk\u0142odowska-Curie (MSCA)<\/a>.<\/p>\n\n\n\n<div style=\"height:80px\" aria-hidden=\"true\" class=\"wp-block-spacer\"><\/div>\n\n\n\n<div style=\"height:100px\" aria-hidden=\"true\" class=\"wp-block-spacer\"><\/div>\n","protected":false},"excerpt":{"rendered":"<p>CLEFNI signifie La vie chorale dans les villes de Berne et Fribourg au 19e si\u00e8cle. Il s\u2019agit d\u2019un projet de recherche qui \u00e9tudie les soci\u00e9t\u00e9s de chant de l\u2019\u00e9poque dans le but de comprendre leur r\u00f4le dans la vie sociale et politique. Au centre de cette \u00e9tude se trouve la participation des ch\u0153urs d\u2019hommes aux \u00e9v\u00e9nements politiques majeurs du 19e si\u00e8cle, ainsi qu\u2019\u00e0 la vie politique en g\u00e9n\u00e9ral. La recherche met \u00e9galement en lumi\u00e8re la mani\u00e8re dont les ch\u0153urs ont contribu\u00e9 au d\u00e9veloppement d\u2019un sentiment d&#8217;appartenance nationale entre les diff\u00e9rentes cultures qui forment la Suisse. CLEFNI est dirig\u00e9 par Dre. Caiti Hauck \u00e0 l&#8217;Institut de Musicologie de l&#8217;Universit\u00e9 de Berne. De septembre 2019 \u00e0 avril 2023, le projet a \u00e9t\u00e9 financ\u00e9 par le programme-cadre pour la recherche et l\u2019innovation \u201cHorizon 2020\u201d de l\u2019Union Europ\u00e9enne dans le cadre des Actions Marie Sk\u0142odowska-Curie (MSCA).<\/p>\n","protected":false},"author":2,"featured_media":0,"parent":0,"menu_order":1,"comment_status":"closed","ping_status":"closed","template":"","meta":{"footnotes":""},"class_list":["post-55","page","type-page","status-publish","hentry"],"_links":{"self":[{"href":"https:\/\/clefni.unibe.ch\/index.php\/wp-json\/wp\/v2\/pages\/55","targetHints":{"allow":["GET"]}}],"collection":[{"href":"https:\/\/clefni.unibe.ch\/index.php\/wp-json\/wp\/v2\/pages"}],"about":[{"href":"https:\/\/clefni.unibe.ch\/index.php\/wp-json\/wp\/v2\/types\/page"}],"author":[{"embeddable":true,"href":"https:\/\/clefni.unibe.ch\/index.php\/wp-json\/wp\/v2\/users\/2"}],"replies":[{"embeddable":true,"href":"https:\/\/clefni.unibe.ch\/index.php\/wp-json\/wp\/v2\/comments?post=55"}],"version-history":[{"count":62,"href":"https:\/\/clefni.unibe.ch\/index.php\/wp-json\/wp\/v2\/pages\/55\/revisions"}],"predecessor-version":[{"id":2778,"href":"https:\/\/clefni.unibe.ch\/index.php\/wp-json\/wp\/v2\/pages\/55\/revisions\/2778"}],"wp:attachment":[{"href":"https:\/\/clefni.unibe.ch\/index.php\/wp-json\/wp\/v2\/media?parent=55"}],"curies":[{"name":"wp","href":"https:\/\/api.w.org\/{rel}","templated":true}]}}