{"id":22,"date":"2019-08-16T07:40:34","date_gmt":"2019-08-16T07:40:34","guid":{"rendered":"http:\/\/clefni.unibe.ch\/?page_id=22"},"modified":"2025-01-30T14:18:34","modified_gmt":"2025-01-30T13:18:34","slug":"clefni-de","status":"publish","type":"page","link":"https:\/\/clefni.unibe.ch\/index.php\/de\/clefni-de\/","title":{"rendered":"CLEFNI"},"content":{"rendered":"\n<h2 class=\"wp-block-heading has-text-align-center\">Das Chorleben in den St\u00e4dten Bern und Freiburg im langen 19. Jahrhundert<\/h2>\n\n\n\n<div style=\"height:10px\" aria-hidden=\"true\" class=\"wp-block-spacer\"><\/div>\n\n\n\n<p>Im 19. Jahrhundert entstanden in Europa zahlreiche Gesangsvereine. Daraus entwickelte sich eine Chorbewegung, die nicht nur das gemeinsame Singen, sondern auch den Patriotismus f\u00f6rderte. In der Schweiz hatten vor allem M\u00e4nnerch\u00f6re einen starken patriotischen Charakter. Doch im Gegensatz zu den Nachbarl\u00e4ndern konnte sich der Patriotismus in der Schweiz nicht auf eine sprachliche oder kulturelle Einheit st\u00fctzen. Vielmehr war ein Zusammengeh\u00f6rigkeitsgef\u00fchl gefragt, das die verschiedenen Kulturen des Landes vereinte.<\/p>\n\n\n\n<p>Zusammengeh\u00f6rigkeit und nationale Einheit wurden an nationalen Festen wie dem Eidgen\u00f6ssischen S\u00e4nger-, Sch\u00fctzen- und Turnfest gef\u00f6rdert. Historische Dokumente des Eidgen\u00f6ssischen S\u00e4ngervereins beschreiben, wie patriotische Reden w\u00e4hrend der Feste ein Zusammengeh\u00f6rigkeitsgef\u00fchl \u00fcber sprachliche, kulturelle und religi\u00f6se Unterschiede hinweg f\u00f6rderten. Allerdings nahmen an diesen Festen nur wenige Ch\u00f6re teil. Es ist wenig dar\u00fcber bekannt, ob diese F\u00f6rderung der nationalen Einheit zum Alltag der teilnehmenden Ch\u00f6re geh\u00f6rte und ob sie auch die nicht teilnehmenden Ch\u00f6re erreichte.<\/p>\n\n\n\n<p>Die Schweizer Chortradition ist in den neueren internationalen Publikationen weitgehend vernachl\u00e4ssigt worden. Insbesondere fehlen eingehende Studien, die den Alltag der Ch\u00f6re beleuchten und die Choraktivit\u00e4ten in den verschiedenen sprachlichen und religi\u00f6sen Teilen der Schweiz vergleichen. Dies f\u00fchrt zu einem generellen Mangel an systematischem Wissen dar\u00fcber, wie die Chorbewegung des 19. Jahrhunderts zum multikulturellen Verst\u00e4ndnis in der Schweiz beigetragen hat.<\/p>\n\n\n\n<p>Das Projekt CLEFNI geht diese Forschungsl\u00fccke an, indem es das Chorleben in den St\u00e4dten Bern und Fribourg\/Freiburg w\u00e4hrend des langen 19. Jahrhunderts (1789-1914) vergleicht. Bern ist eine mehrheitlich protestantische und deutschsprachige Stadt, w\u00e4hrend Fribourg\/Freiburg mehrheitlich katholisch und franz\u00f6sischsprachig ist. CLEFNI beleuchtet die historischen Umst\u00e4nde und spezifischen Bedingungen, die ein multikulturelles Verst\u00e4ndnis in der Schweiz erm\u00f6glichten, um Fragen zu diskutieren, die nicht nur f\u00fcr dieses Land, sondern f\u00fcr ganz Europa relevant sind.<\/p>\n\n\n\n<div style=\"height:20px\" aria-hidden=\"true\" class=\"wp-block-spacer\"><\/div>\n\n\n\n<p>CLEFNI wird von <a href=\"https:\/\/clefni.unibe.ch\/index.php\/de\/forscherin\/\" target=\"_blank\" rel=\"noopener\">Dr. Caiti Hauck<\/a> am <a href=\"https:\/\/www.musik.unibe.ch\" target=\"_blank\" rel=\"noopener noreferrer\">Institut f\u00fcr Musikwissenschaft der Universit\u00e4t Bern<\/a> durchgef\u00fchrt.&nbsp;<\/p>\n\n\n\n<p>F\u00fcr dieses Projekt wurden im Rahmen der Marie-Sk\u0142odowska-Curie-Finanzhilfevereinbarung Nr. 833366 F\u00f6rdermittel aus dem Programm der Europ\u00e4ischen Union f\u00fcr Forschung und Innovation \u201eHorizont 2020\u201d bereitgestellt.<\/p>\n\n\n\n<p>Diese Webseite gibt nur die Meinung der Verfasserin wieder. Die Exekutivagentur f\u00fcr Forschung und die Europ\u00e4ische Kommission haften nicht f\u00fcr die etwaige Verwendung der darin enthaltenen Informationen.<\/p>\n\n\n\n<div style=\"height:100px\" aria-hidden=\"true\" class=\"wp-block-spacer\"><\/div>\n","protected":false},"excerpt":{"rendered":"<p>Das Chorleben in den St\u00e4dten Bern und Freiburg im langen 19. Jahrhundert Im 19. Jahrhundert entstanden in Europa zahlreiche Gesangsvereine. Daraus entwickelte sich eine Chorbewegung, die nicht nur das gemeinsame Singen, sondern auch den Patriotismus f\u00f6rderte. In der Schweiz hatten vor allem M\u00e4nnerch\u00f6re einen starken patriotischen Charakter. Doch im Gegensatz zu den Nachbarl\u00e4ndern konnte sich der Patriotismus in der Schweiz nicht auf eine sprachliche oder kulturelle Einheit st\u00fctzen. Vielmehr war ein Zusammengeh\u00f6rigkeitsgef\u00fchl gefragt, das die verschiedenen Kulturen des Landes vereinte. Zusammengeh\u00f6rigkeit und nationale Einheit wurden an nationalen Festen wie dem Eidgen\u00f6ssischen S\u00e4nger-, Sch\u00fctzen- und Turnfest gef\u00f6rdert. Historische Dokumente des Eidgen\u00f6ssischen S\u00e4ngervereins beschreiben, wie patriotische Reden w\u00e4hrend der Feste ein Zusammengeh\u00f6rigkeitsgef\u00fchl \u00fcber sprachliche, kulturelle und religi\u00f6se Unterschiede hinweg f\u00f6rderten. Allerdings nahmen an diesen Festen nur wenige Ch\u00f6re teil. Es ist wenig dar\u00fcber bekannt, ob diese F\u00f6rderung der nationalen Einheit zum Alltag der teilnehmenden Ch\u00f6re geh\u00f6rte und ob sie auch die nicht teilnehmenden Ch\u00f6re erreichte. Die Schweizer Chortradition ist in den neueren internationalen Publikationen weitgehend vernachl\u00e4ssigt worden. Insbesondere fehlen eingehende Studien, die den Alltag der Ch\u00f6re beleuchten und die Choraktivit\u00e4ten in den verschiedenen sprachlichen und religi\u00f6sen Teilen der Schweiz vergleichen. Dies f\u00fchrt zu einem generellen Mangel an systematischem Wissen dar\u00fcber, wie die Chorbewegung des 19. Jahrhunderts zum multikulturellen Verst\u00e4ndnis in der Schweiz beigetragen hat. Das Projekt CLEFNI geht diese Forschungsl\u00fccke an, indem es das Chorleben in den St\u00e4dten Bern und Fribourg\/Freiburg w\u00e4hrend des langen 19. Jahrhunderts (1789-1914) vergleicht. Bern ist eine mehrheitlich protestantische und deutschsprachige Stadt, w\u00e4hrend Fribourg\/Freiburg mehrheitlich katholisch und franz\u00f6sischsprachig ist. CLEFNI beleuchtet die historischen Umst\u00e4nde und spezifischen Bedingungen, die ein multikulturelles Verst\u00e4ndnis in der Schweiz erm\u00f6glichten, um Fragen zu diskutieren, die nicht nur f\u00fcr dieses Land, sondern f\u00fcr ganz Europa relevant sind. CLEFNI wird von Dr. Caiti Hauck am Institut f\u00fcr Musikwissenschaft der Universit\u00e4t Bern durchgef\u00fchrt.&nbsp; F\u00fcr dieses Projekt wurden im Rahmen der Marie-Sk\u0142odowska-Curie-Finanzhilfevereinbarung Nr. 833366 F\u00f6rdermittel aus dem Programm der Europ\u00e4ischen Union f\u00fcr Forschung und Innovation \u201eHorizont 2020\u201d bereitgestellt. Diese Webseite gibt nur die Meinung der Verfasserin wieder. Die Exekutivagentur f\u00fcr Forschung und die Europ\u00e4ische Kommission haften nicht f\u00fcr die etwaige Verwendung der darin enthaltenen Informationen.<\/p>\n","protected":false},"author":2,"featured_media":0,"parent":0,"menu_order":2,"comment_status":"closed","ping_status":"closed","template":"","meta":{"footnotes":""},"class_list":["post-22","page","type-page","status-publish","hentry"],"_links":{"self":[{"href":"https:\/\/clefni.unibe.ch\/index.php\/wp-json\/wp\/v2\/pages\/22","targetHints":{"allow":["GET"]}}],"collection":[{"href":"https:\/\/clefni.unibe.ch\/index.php\/wp-json\/wp\/v2\/pages"}],"about":[{"href":"https:\/\/clefni.unibe.ch\/index.php\/wp-json\/wp\/v2\/types\/page"}],"author":[{"embeddable":true,"href":"https:\/\/clefni.unibe.ch\/index.php\/wp-json\/wp\/v2\/users\/2"}],"replies":[{"embeddable":true,"href":"https:\/\/clefni.unibe.ch\/index.php\/wp-json\/wp\/v2\/comments?post=22"}],"version-history":[{"count":13,"href":"https:\/\/clefni.unibe.ch\/index.php\/wp-json\/wp\/v2\/pages\/22\/revisions"}],"predecessor-version":[{"id":2775,"href":"https:\/\/clefni.unibe.ch\/index.php\/wp-json\/wp\/v2\/pages\/22\/revisions\/2775"}],"wp:attachment":[{"href":"https:\/\/clefni.unibe.ch\/index.php\/wp-json\/wp\/v2\/media?parent=22"}],"curies":[{"name":"wp","href":"https:\/\/api.w.org\/{rel}","templated":true}]}}